{"id":38,"date":"2017-06-26T09:05:59","date_gmt":"2017-06-26T08:05:59","guid":{"rendered":"http:\/\/sites.univ-tln.fr\/afapa2018\/?page_id=38"},"modified":"2018-05-02T10:00:27","modified_gmt":"2018-05-02T09:00:27","slug":"infos-pratiques","status":"publish","type":"page","link":"https:\/\/sites.univ-tln.fr\/afapa2018\/infos-pratiques\/","title":{"rendered":"Infos pratiques"},"content":{"rendered":"<table>\n<tbody>\n<tr>\n<td>\n<div align=\"left\">\n<h2 align=\"left\"><strong><a href=\"#congressistes\">Informations Congressistes<\/a><\/strong><\/h2>\n<\/div>\n<\/td>\n<td>\n<div align=\"right\">\n<h2 align=\"right\"><strong><a href=\"#communicants\">Informations Communicants<\/a><\/strong><\/h2>\n<\/div>\n<\/td>\n<\/tr>\n<\/tbody>\n<\/table>\n<p><a name=\"communicants\"><\/a><\/p>\n<h2 align=\"right\">&nbsp;<\/h2>\n<h1 style=\"text-align: center\" align=\"right\"><strong>Informations Communicants<\/strong><\/h1>\n<p><strong>Conf\u00e9renciers<\/strong><br \/>\nIl est pr\u00e9vu 30 min de pr\u00e9sentation, avec la possibilit\u00e9 d\u2019utiliser un support informatique type power point et\/ou vid\u00e9o au format PC ou mac (pr\u00e9voir une sortie VGA pour ceux qui souhaitent utiliser leur ordinateur). Un groupe d\u2019\u00e9tudiants du comit\u00e9 d\u2019organisation prendra contact avec vous d\u00e8s votre arriv\u00e9e au congr\u00e8s afin de r\u00e9cup\u00e9rer les supports et les tester avec vous dans la salle qui sera la v\u00f4tre pour la pr\u00e9sentation.<\/p>\n<p><strong>Sessions et tables rondes<\/strong><br \/>\nSelon les sessions et les tables rondes (surtout le nombre de communicants), le mod\u00e9rateur vous indiquera le temps de communication orale qui vous sera attribu\u00e9 (entre 7 et 10 min). Vous avez la possibilit\u00e9 d\u2019utiliser un support informatique type power point et\/ou vid\u00e9o au format mac ou PC (pr\u00e9voir une sortie VGA pour ceux qui souhaitent utiliser leur ordinateur). Un groupe d\u2019\u00e9tudiants du comit\u00e9 d\u2019organisation prendra contact avec vous d\u00e8s votre arriv\u00e9e au congr\u00e8s afin de r\u00e9cup\u00e9rer les supports et les tester avec vous dans la salle qui sera la v\u00f4tre pour la pr\u00e9sentation.<\/p>\n<p><strong>Communications affich\u00e9es<\/strong><br \/>\nLes posters doivent \u00eatre au format A0 (84,1 cm pour la largeur et 118,9 cm pour la hauteur). Les posters seront affich\u00e9s durant les deux sessions de posters (Conf\u00e8re programme). Une pr\u00e9sentation orale de l\u2019auteur de 3 \u00e0 5 min sera r\u00e9alis\u00e9e pour les posters :<br \/>\n&#8211; 1 \u00e0 5, session 1, le mercredi 23 \u00e0 16h,<br \/>\n&#8211; 6 \u00e0 10, session 2, le jeudi 24 \u00e0 10h15,<br \/>\n&#8211; et 11 \u00e0 15 session 3 le jeudi 24 \u00e0 15h15.<\/p>\n<p><strong>Session posters \u00e9tudiants de 3e cycle du vendredi 25 mai<\/strong><br \/>\nCette session poster est en acc\u00e8s libre aux \u00e9tudiants de 3e cycle, sans s\u00e9lection des communications, ni de r\u00e9sum\u00e9 publi\u00e9. Cette journ\u00e9e du vendredi est gratuite pour les \u00e9tudiants de master. Nous souhaitons, par cette session, encourager les jeunes chercheurs et donner l\u2019occasion aux \u00e9tudiants de \u00ab faire leurs premi\u00e8res armes \u00bb, mais aussi de se faire connaitre des industriels et responsables de structures pr\u00e9sents. Les posters doivent \u00e9galement \u00eatre au format A0 (84,1 cm pour la largeur et 118,9 cm pour la hauteur). Pour des raisons d\u2019organisation, il est cependant n\u00e9cessaire de s\u2019inscrire \u00e0 cette session afin de pr\u00e9voir les emplacements d\u2019affichage en cons\u00e9quence et regrouper les posters par th\u00e8me. Pour cela, merci de nous envoyer par mail titre et auteur(s) du poster \u00e0 afapa2018@univ-tln.fr.<\/p>\n<p><strong>Exposants<\/strong><br \/>\nLes modalit\u00e9s d\u2019exposition sont sp\u00e9cifiques au contrat d\u2019accompagnement entre les exposants et l\u2019organisation. Merci de sp\u00e9cifier vos besoins en amont par une demande \u00e9crite \u00e0 : <a href=\"afapa2018@univ-tln.fr\">afapa2018@univ-tln.fr<\/a><\/p>\n<p>&nbsp;<\/p>\n<p>Nous restons \u00e0 votre disposition pour toutes informations compl\u00e9mentaires \u00e0 l\u2019adresse suivante : <a href=\"afapa2018@univ-tln.fr\">afapa2018@univ-tln.fr<\/a><\/p>\n<p><a name=\"congressistes\"><\/a><\/p>\n<h2 align=\"right\">&nbsp;<\/h2>\n<h1 style=\"text-align: center\" align=\"right\"><strong>Informations Congressistes<\/strong><\/h1>\n<p style=\"text-align: center\"><strong>H\u00e9bergement<\/strong><\/p>\n<p><a href=\"http:\/\/sites.univ-tln.fr\/afapa2018\/wp-content\/uploads\/sites\/20\/2018\/03\/Listing-Hotel.pdf\"><img loading=\"lazy\" decoding=\"async\" class=\"wp-image-186 size-large aligncenter\" src=\"http:\/\/sites.univ-tln.fr\/afapa2018\/wp-content\/uploads\/sites\/20\/2018\/03\/Hotel-Toulon-1024x330.jpg\" alt=\"\" width=\"625\" height=\"201\" srcset=\"https:\/\/sites.univ-tln.fr\/afapa2018\/wp-content\/uploads\/sites\/20\/2018\/03\/Hotel-Toulon-1024x330.jpg 1024w, https:\/\/sites.univ-tln.fr\/afapa2018\/wp-content\/uploads\/sites\/20\/2018\/03\/Hotel-Toulon-300x97.jpg 300w, https:\/\/sites.univ-tln.fr\/afapa2018\/wp-content\/uploads\/sites\/20\/2018\/03\/Hotel-Toulon-768x248.jpg 768w, https:\/\/sites.univ-tln.fr\/afapa2018\/wp-content\/uploads\/sites\/20\/2018\/03\/Hotel-Toulon-624x201.jpg 624w, https:\/\/sites.univ-tln.fr\/afapa2018\/wp-content\/uploads\/sites\/20\/2018\/03\/Hotel-Toulon.jpg 1160w\" sizes=\"auto, (max-width: 625px) 100vw, 625px\" \/> <\/a><\/p>\n<p><a href=\"http:\/\/sites.univ-tln.fr\/afapa2018\/wp-content\/uploads\/sites\/20\/2018\/03\/Listing-Hotel-2.pdf\"><img loading=\"lazy\" decoding=\"async\" class=\"wp-image-187 size-large aligncenter\" src=\"http:\/\/sites.univ-tln.fr\/afapa2018\/wp-content\/uploads\/sites\/20\/2018\/03\/Hotel-La-valette-La-Garde-1024x274.jpg\" alt=\"\" width=\"625\" height=\"167\" srcset=\"https:\/\/sites.univ-tln.fr\/afapa2018\/wp-content\/uploads\/sites\/20\/2018\/03\/Hotel-La-valette-La-Garde-1024x274.jpg 1024w, https:\/\/sites.univ-tln.fr\/afapa2018\/wp-content\/uploads\/sites\/20\/2018\/03\/Hotel-La-valette-La-Garde-300x80.jpg 300w, https:\/\/sites.univ-tln.fr\/afapa2018\/wp-content\/uploads\/sites\/20\/2018\/03\/Hotel-La-valette-La-Garde-768x205.jpg 768w, https:\/\/sites.univ-tln.fr\/afapa2018\/wp-content\/uploads\/sites\/20\/2018\/03\/Hotel-La-valette-La-Garde-624x167.jpg 624w, https:\/\/sites.univ-tln.fr\/afapa2018\/wp-content\/uploads\/sites\/20\/2018\/03\/Hotel-La-valette-La-Garde.jpg 1145w\" sizes=\"auto, (max-width: 625px) 100vw, 625px\" \/><br \/>\n<\/a><a href=\"http:\/\/www.q-park-resa.fr\/fr\/parking\/toulon\/porte-italie-257.html\"><img loading=\"lazy\" decoding=\"async\" class=\"aligncenter wp-image-228\" src=\"http:\/\/sites.univ-tln.fr\/afapa2018\/wp-content\/uploads\/sites\/20\/2018\/04\/Capture-d\u2019\u00e9cran-2018-04-03-\u00e0-17.07.22-300x146.png\" alt=\"\" width=\"529\" height=\"257\" srcset=\"https:\/\/sites.univ-tln.fr\/afapa2018\/wp-content\/uploads\/sites\/20\/2018\/04\/Capture-d\u2019\u00e9cran-2018-04-03-\u00e0-17.07.22-300x146.png 300w, https:\/\/sites.univ-tln.fr\/afapa2018\/wp-content\/uploads\/sites\/20\/2018\/04\/Capture-d\u2019\u00e9cran-2018-04-03-\u00e0-17.07.22-768x375.png 768w, https:\/\/sites.univ-tln.fr\/afapa2018\/wp-content\/uploads\/sites\/20\/2018\/04\/Capture-d\u2019\u00e9cran-2018-04-03-\u00e0-17.07.22-1024x500.png 1024w, https:\/\/sites.univ-tln.fr\/afapa2018\/wp-content\/uploads\/sites\/20\/2018\/04\/Capture-d\u2019\u00e9cran-2018-04-03-\u00e0-17.07.22.png 1348w\" sizes=\"auto, (max-width: 529px) 100vw, 529px\" \/><\/a><\/p>\n<p style=\"text-align: center\"><b>Se d\u00e9placer<\/b><\/p>\n<p><strong><span style=\"color: #000080\">En avion <\/span><\/strong><\/p>\n<p>Arriv\u00e9e \u00e0 <strong>Marseille<\/strong>&nbsp;<\/p>\n<p style=\"text-align: center\"><img loading=\"lazy\" decoding=\"async\" class=\"alignnone wp-image-242 aligncenter\" src=\"http:\/\/sites.univ-tln.fr\/afapa2018\/wp-content\/uploads\/sites\/20\/2018\/04\/Capture-d\u2019\u00e9cran-2018-04-05-\u00e0-14.10.40-300x208.png\" alt=\"\" width=\"236\" height=\"164\" srcset=\"https:\/\/sites.univ-tln.fr\/afapa2018\/wp-content\/uploads\/sites\/20\/2018\/04\/Capture-d\u2019\u00e9cran-2018-04-05-\u00e0-14.10.40-300x208.png 300w, https:\/\/sites.univ-tln.fr\/afapa2018\/wp-content\/uploads\/sites\/20\/2018\/04\/Capture-d\u2019\u00e9cran-2018-04-05-\u00e0-14.10.40-768x531.png 768w, https:\/\/sites.univ-tln.fr\/afapa2018\/wp-content\/uploads\/sites\/20\/2018\/04\/Capture-d\u2019\u00e9cran-2018-04-05-\u00e0-14.10.40-1024x708.png 1024w, https:\/\/sites.univ-tln.fr\/afapa2018\/wp-content\/uploads\/sites\/20\/2018\/04\/Capture-d\u2019\u00e9cran-2018-04-05-\u00e0-14.10.40-624x432.png 624w, https:\/\/sites.univ-tln.fr\/afapa2018\/wp-content\/uploads\/sites\/20\/2018\/04\/Capture-d\u2019\u00e9cran-2018-04-05-\u00e0-14.10.40.png 1382w\" sizes=\"auto, (max-width: 236px) 100vw, 236px\" \/>&nbsp;<a href=\"http:\/\/sites.univ-tln.fr\/afapa2018\/wp-content\/uploads\/sites\/20\/2018\/04\/navette-a\u00e9roport-gare-St-CHARLES.pdf\">Navette pour rejoindre la gare SNCF<\/a><\/p>\n<p>Arriv\u00e9e \u00e0 <b>Nice<\/b><\/p>\n<p><img loading=\"lazy\" decoding=\"async\" class=\"wp-image-256 aligncenter\" src=\"http:\/\/sites.univ-tln.fr\/afapa2018\/wp-content\/uploads\/sites\/20\/2018\/04\/Capture-d\u2019\u00e9cran-2018-04-05-\u00e0-16.22.12-300x208.png\" alt=\"\" width=\"228\" height=\"158\" srcset=\"https:\/\/sites.univ-tln.fr\/afapa2018\/wp-content\/uploads\/sites\/20\/2018\/04\/Capture-d\u2019\u00e9cran-2018-04-05-\u00e0-16.22.12-300x208.png 300w, https:\/\/sites.univ-tln.fr\/afapa2018\/wp-content\/uploads\/sites\/20\/2018\/04\/Capture-d\u2019\u00e9cran-2018-04-05-\u00e0-16.22.12-768x533.png 768w, https:\/\/sites.univ-tln.fr\/afapa2018\/wp-content\/uploads\/sites\/20\/2018\/04\/Capture-d\u2019\u00e9cran-2018-04-05-\u00e0-16.22.12-1024x711.png 1024w, https:\/\/sites.univ-tln.fr\/afapa2018\/wp-content\/uploads\/sites\/20\/2018\/04\/Capture-d\u2019\u00e9cran-2018-04-05-\u00e0-16.22.12-624x433.png 624w, https:\/\/sites.univ-tln.fr\/afapa2018\/wp-content\/uploads\/sites\/20\/2018\/04\/Capture-d\u2019\u00e9cran-2018-04-05-\u00e0-16.22.12.png 1164w\" sizes=\"auto, (max-width: 228px) 100vw, 228px\" \/><\/p>\n<p style=\"text-align: center\"><a href=\"http:\/\/sites.univ-tln.fr\/afapa2018\/wp-content\/uploads\/sites\/20\/2018\/04\/161001ligne-99.pdf\">Navette pour rejoindre la gare SNCF<\/a><\/p>\n<p>Arriv\u00e9e en gare, il existe des trains directs pour Toulon ou La Garde (trajet d&rsquo;1h environ au d\u00e9part de Marseille et 2h au d\u00e9part de Nice).<\/p>\n<p><strong><span style=\"color: #000080\">En train<\/span><\/strong><\/p>\n<p><strong>Acc\u00e9der au site de Toulon<\/strong> : gare de Toulon<\/p>\n<p><strong>Acc\u00e9der au site de La Garde<\/strong>&nbsp;: gare de la Pauline<\/p>\n<p><a href=\"https:\/\/www.oui.sncf\">R\u00e9server son billet<\/a><\/p>\n<p><strong><span style=\"color: #000080\">En bus<\/span><\/strong><\/p>\n<p style=\"text-align: left\">Des lignes de bus permettent d&rsquo;acc\u00e9der aux diff\u00e9rents sites de l&rsquo;Universit\u00e9.<\/p>\n<p>Vous trouverez <a href=\"https:\/\/www.reseaumistral.com\/fr\/plans\/34\">ici<\/a>&nbsp;les informations pour l&rsquo;ensemble du r\u00e9seau Toulonnais.<\/p>\n<p><strong>Acc\u00e9der au site de Toulon<\/strong> :&nbsp;<em>35 Rue Alphonse Daudet &#8211; 83000 TOULON<\/em><\/p>\n<p><img loading=\"lazy\" decoding=\"async\" class=\"alignnone wp-image-247 aligncenter\" src=\"http:\/\/sites.univ-tln.fr\/afapa2018\/wp-content\/uploads\/sites\/20\/2018\/04\/Capture-d\u2019\u00e9cran-2018-04-05-\u00e0-14.15.56-1-300x103.png\" alt=\"\" width=\"376\" height=\"129\" srcset=\"https:\/\/sites.univ-tln.fr\/afapa2018\/wp-content\/uploads\/sites\/20\/2018\/04\/Capture-d\u2019\u00e9cran-2018-04-05-\u00e0-14.15.56-1-300x103.png 300w, https:\/\/sites.univ-tln.fr\/afapa2018\/wp-content\/uploads\/sites\/20\/2018\/04\/Capture-d\u2019\u00e9cran-2018-04-05-\u00e0-14.15.56-1-768x264.png 768w, https:\/\/sites.univ-tln.fr\/afapa2018\/wp-content\/uploads\/sites\/20\/2018\/04\/Capture-d\u2019\u00e9cran-2018-04-05-\u00e0-14.15.56-1-1024x352.png 1024w, https:\/\/sites.univ-tln.fr\/afapa2018\/wp-content\/uploads\/sites\/20\/2018\/04\/Capture-d\u2019\u00e9cran-2018-04-05-\u00e0-14.15.56-1-624x215.png 624w\" sizes=\"auto, (max-width: 376px) 100vw, 376px\" \/><\/p>\n<p style=\"text-align: center\"><a href=\"http:\/\/sites.univ-tln.fr\/afapa2018\/wp-content\/uploads\/sites\/20\/2018\/04\/trajet-ligne-1-original.pdf\">Trajet Ligne 1<\/a><\/p>\n<p style=\"text-align: center\"><a href=\"http:\/\/sites.univ-tln.fr\/afapa2018\/wp-content\/uploads\/sites\/20\/2018\/04\/ligne-1-trajet-Toulon-1.pdf\">Ligne 1 &#8211; arr\u00eat champ de Mars<\/a>, puis se diriger vers la facult\u00e9 de droit.<\/p>\n<p><strong>Acc\u00e9der aux sites de Toulon et la Garde<\/strong> :&nbsp;<em>Avenue de l&rsquo;Universit\u00e9 &#8211; 83130 La GARDE&nbsp;<\/em><\/p>\n<p style=\"text-align: center\"><img loading=\"lazy\" decoding=\"async\" class=\" wp-image-249 aligncenter\" src=\"http:\/\/sites.univ-tln.fr\/afapa2018\/wp-content\/uploads\/sites\/20\/2018\/04\/Capture-d\u2019\u00e9cran-2018-04-05-\u00e0-14.18.56-300x106.png\" alt=\"\" width=\"371\" height=\"131\" srcset=\"https:\/\/sites.univ-tln.fr\/afapa2018\/wp-content\/uploads\/sites\/20\/2018\/04\/Capture-d\u2019\u00e9cran-2018-04-05-\u00e0-14.18.56-300x106.png 300w, https:\/\/sites.univ-tln.fr\/afapa2018\/wp-content\/uploads\/sites\/20\/2018\/04\/Capture-d\u2019\u00e9cran-2018-04-05-\u00e0-14.18.56-768x270.png 768w, https:\/\/sites.univ-tln.fr\/afapa2018\/wp-content\/uploads\/sites\/20\/2018\/04\/Capture-d\u2019\u00e9cran-2018-04-05-\u00e0-14.18.56-1024x360.png 1024w, https:\/\/sites.univ-tln.fr\/afapa2018\/wp-content\/uploads\/sites\/20\/2018\/04\/Capture-d\u2019\u00e9cran-2018-04-05-\u00e0-14.18.56-624x220.png 624w\" sizes=\"auto, (max-width: 371px) 100vw, 371px\" \/><a href=\"http:\/\/sites.univ-tln.fr\/afapa2018\/wp-content\/uploads\/sites\/20\/2018\/04\/trajet-ligne-U-original.pdf\">Trajet ligne U<\/a><\/p>\n<p style=\"text-align: center\"><a href=\"http:\/\/sites.univ-tln.fr\/afapa2018\/wp-content\/uploads\/sites\/20\/2018\/04\/ligne-U-trajet-Tln_LaGarde-1.pdf\">Ligne U &#8211; arr\u00eat campus porte d&rsquo;Italie (Toulon) et campus la Garde<\/a>, puis se diriger vers le b\u00e2timent K.<\/p>\n<p><strong><span style=\"color: #000080\">En taxi<\/span><\/strong><\/p>\n<p>Plusieurs compagnies \u00e0 votre disposition :&nbsp;<\/p>\n<ul>\n<li>Taxis R\u00e9gion Toulonnaise : <strong>04.94.93.51.51<\/strong>,&nbsp;<em>119 chemin du Temps 83200 Toulon, du lundi au dimanche 24h\/24<\/em><\/li>\n<li>Sud Taxis :&nbsp;<strong>06.07.58.63.89<\/strong><em>, 598 rue Antoine Groignard 83000 Toulon&nbsp;<\/em><\/li>\n<li>COSY Taxi :&nbsp;<strong>06.28.29.03.63<\/strong><em>, 4 rue Victor Gensollen 83000 Toulon&nbsp;<\/em><\/li>\n<li>Taxi Roland :&nbsp;<strong>06.09.88.30.92<\/strong><em>, 33 ront point Mirasouleou 83100 Toulon&nbsp;<\/em><\/li>\n<\/ul>\n","protected":false},"excerpt":{"rendered":"<p>Informations Congressistes Informations Communicants &nbsp; Informations Communicants Conf\u00e9renciers Il est pr\u00e9vu 30 min de pr\u00e9sentation, avec la possibilit\u00e9 d\u2019utiliser un support informatique type power point et\/ou vid\u00e9o au format PC ou mac (pr\u00e9voir une sortie VGA pour ceux qui souhaitent utiliser leur ordinateur). Un groupe d\u2019\u00e9tudiants du comit\u00e9 d\u2019organisation prendra contact avec vous d\u00e8s votre [&hellip;]<\/p>\n","protected":false},"author":1,"featured_media":0,"parent":0,"menu_order":0,"comment_status":"closed","ping_status":"closed","template":"","meta":{"ngg_post_thumbnail":0,"footnotes":""},"class_list":["post-38","page","type-page","status-publish","hentry"],"_links":{"self":[{"href":"https:\/\/sites.univ-tln.fr\/afapa2018\/wp-json\/wp\/v2\/pages\/38","targetHints":{"allow":["GET"]}}],"collection":[{"href":"https:\/\/sites.univ-tln.fr\/afapa2018\/wp-json\/wp\/v2\/pages"}],"about":[{"href":"https:\/\/sites.univ-tln.fr\/afapa2018\/wp-json\/wp\/v2\/types\/page"}],"author":[{"embeddable":true,"href":"https:\/\/sites.univ-tln.fr\/afapa2018\/wp-json\/wp\/v2\/users\/1"}],"replies":[{"embeddable":true,"href":"https:\/\/sites.univ-tln.fr\/afapa2018\/wp-json\/wp\/v2\/comments?post=38"}],"version-history":[{"count":17,"href":"https:\/\/sites.univ-tln.fr\/afapa2018\/wp-json\/wp\/v2\/pages\/38\/revisions"}],"predecessor-version":[{"id":297,"href":"https:\/\/sites.univ-tln.fr\/afapa2018\/wp-json\/wp\/v2\/pages\/38\/revisions\/297"}],"wp:attachment":[{"href":"https:\/\/sites.univ-tln.fr\/afapa2018\/wp-json\/wp\/v2\/media?parent=38"}],"curies":[{"name":"wp","href":"https:\/\/api.w.org\/{rel}","templated":true}]}}