{"id":30,"date":"2017-06-26T09:04:41","date_gmt":"2017-06-26T08:04:41","guid":{"rendered":"http:\/\/sites.univ-tln.fr\/afapa2018\/?page_id=30"},"modified":"2018-05-22T22:44:58","modified_gmt":"2018-05-22T21:44:58","slug":"programme","status":"publish","type":"page","link":"https:\/\/sites.univ-tln.fr\/afapa2018\/programme\/","title":{"rendered":"Programme pr\u00e9visionnel"},"content":{"rendered":"<h3 style=\"text-align: center\"><a href=\"http:\/\/sites.univ-tln.fr\/afapa2018\/wp-content\/uploads\/sites\/20\/2018\/05\/programme-afapa-22052018.pdf\">T\u00e9l\u00e9chargez le Programme definitif AFAPA 2018<\/a><\/h3>\n<p style=\"text-align: center\"><strong>23 mai 2018, site de <u>TOULON<\/u><\/strong><em>&nbsp;(35 Rue Alphonse Daudet &#8211; 83000 TOULON)<\/em><\/p>\n<p><span style=\"color: #000080\">10h &#8211; 13h &nbsp; &nbsp; &nbsp; &nbsp; &nbsp; &nbsp; &nbsp;Accueil des participants &amp; des partenaires<\/span><\/p>\n<p>13h30 &nbsp; &nbsp; &nbsp; &nbsp; &nbsp; &nbsp; &nbsp; &nbsp; &nbsp; &nbsp;Ouverture du congr\u00e8s et discours d&rsquo;introduction<\/p>\n<p>13h45 &#8211; 14h&nbsp; &nbsp; &nbsp; &nbsp; &nbsp;Intervention inaugurale par l&rsquo;ARS PACA<\/p>\n<p>14h &#8211; 14h30&nbsp; &nbsp; &nbsp;<span style=\"color: #008000\">Conf\u00e9rence pl\u00e9ni\u00e8re 1<\/span>&nbsp;: La prescription du sport sur ordonnance, Dr Alain &nbsp; &nbsp; FERERO (DRJSCS) <span style=\"color: #808080\">&#8211; Mod\u00e9rateur : Anne VUILLEMIN<\/span><\/p>\n<p>14h30 &#8211; 16h &nbsp; &nbsp; &nbsp; &nbsp; &nbsp;<span style=\"color: #ff0000\">Session 1&nbsp;<span style=\"color: #000000\">: Sport et sant\u00e9 publique&nbsp;<span style=\"color: #808080\">&#8211; Mod\u00e9rateur : Anne VUILLEMIN<\/span><\/span><\/span><\/p>\n<p>16h &#8211; 16h45 &nbsp; &nbsp; &nbsp; &nbsp; &nbsp;Pause caf\u00e9 autour des <span style=\"color: #0000ff\">posters Session 1&nbsp;<span style=\"color: #ff0000\"><span style=\"color: #000000\"><span style=\"color: #808080\">&#8211; Mod\u00e9rateur : Didier PRADON&nbsp;<\/span><\/span><\/span><\/span>&nbsp;&amp; des stands<\/p>\n<p>16h45 &#8211; 18h &nbsp; &nbsp; &nbsp; &nbsp; &nbsp;<span style=\"color: #ff0000\">Session 2<span style=\"color: #000000\">&nbsp;: APA et ob\u00e9sit\u00e9 <span style=\"color: #808080\">&#8211; Mod\u00e9rateur : Olivier GAVARRY&nbsp;<\/span>&amp; &nbsp;<span style=\"color: #ff0000\">Session 3&nbsp;<\/span>: Le sujet sain comme mod\u00e8le d&rsquo;\u00e9tude en APA&nbsp;<span style=\"color: #808080\">&#8211; Mod\u00e9rateur : Eric WATELAIN<\/span><\/span><\/span><\/p>\n<p><span style=\"color: #000080\"><span style=\"color: #000000\">18h15-19h30<\/span>&nbsp; &nbsp; &nbsp; <span style=\"color: #ff99cc\">&nbsp;Table ronde 1<\/span>&nbsp;<span style=\"color: #000000\">: Jeux paralympiques 2024 et nouvelles technologies &nbsp;<span style=\"color: #808080\">&#8211; Mod\u00e9rateurs : Thierry WEISSLAND &amp; Jean MINIER&nbsp;<\/span>&amp; <span style=\"color: #ff0000\">Session 4<\/span> : APA et cancer&nbsp;<span style=\"color: #808080\">&#8211; Mod\u00e9rateurs :&nbsp;Sophie ARANDA-BERTHOUZE<\/span><\/span><\/span><\/p>\n<p>19h30&nbsp; &nbsp; &nbsp; &nbsp; &nbsp; &nbsp; &nbsp; &nbsp; &nbsp; &nbsp; &nbsp;Assembl\u00e9e g\u00e9n\u00e9rale de l&rsquo;AFAPA<\/p>\n<p>21h&nbsp; &nbsp; &nbsp; &nbsp; &nbsp; &nbsp; &nbsp; &nbsp; &nbsp; &nbsp; &nbsp; &nbsp; &nbsp;Fin de la 1<sup>er<\/sup> journ\u00e9e<\/p>\n<p>&nbsp;<\/p>\n<hr>\n<p style=\"text-align: center\"><strong>24 mai 2018, site de <u>TOULON<\/u><\/strong><em>&nbsp;(35 Rue Alphonse Daudet &#8211; 83000 TOULON)<\/em><\/p>\n<p><span style=\"color: #000080\">8h &nbsp; &nbsp; &nbsp; &nbsp; &nbsp; &nbsp; &nbsp; &nbsp; &nbsp; &nbsp; &nbsp; &nbsp; &nbsp;Accueil caf\u00e9<\/span><\/p>\n<p>8h30 &#8211; 9h &nbsp; &nbsp; &nbsp; &nbsp; &nbsp; &nbsp;<span style=\"color: #008000\"> Conf\u00e9rence pl\u00e9ni\u00e8re 2<\/span>&nbsp;<span style=\"color: #000000\">: Utilisation de l&rsquo;ergom\u00e8tre et du tapis roulant pour \u00e9tudier et am\u00e9liorer la technique de propulsion en fauteuil roulant manuel, Pr F\u00e9lix CHENIER (Canada)&nbsp;<span style=\"color: #808080\">&#8211; Mod\u00e9rateur : Arnaud FAUPIN<\/span><\/span><\/p>\n<p>9h &#8211; 10h15 &nbsp; &nbsp; &nbsp; &nbsp;&nbsp;<span style=\"color: #ff0000\"> Session 5&nbsp;<span style=\"color: #000000\">: Sport en Fauteuil Roulant Manuel <span style=\"color: #808080\">&#8211; Mod\u00e9rateur : Arnaud FAUPIN<\/span>&nbsp;&amp; <span style=\"color: #ff0000\">Session 6<\/span>&nbsp;: Approches (psycho)sociologique des APA&nbsp;<span style=\"color: #808080\">&#8211; Mod\u00e9rateurs : Pascale LECONTE &amp; Gilles VIEILLE-MARCHISET<\/span><\/span><\/span><\/p>\n<p>10h15 &#8211; 10h45&nbsp; &nbsp; &nbsp; &nbsp;Pause caf\u00e9 autour des <span style=\"color: #0000ff\">posters session 2&nbsp;<span style=\"color: #ff0000\"><span style=\"color: #000000\"><span style=\"color: #808080\">&#8211; Mod\u00e9rateur : Gregory LENTIN<\/span><\/span><\/span><\/span> &amp; des stands<\/p>\n<p>10h45 &#8211; 12h30 &nbsp;<span style=\"color: #ff0000\">Session 7&nbsp;<span style=\"color: #000000\">: APA et Fauteuil Roulant Manuel <span style=\"color: #808080\">&#8211; Mod\u00e9rateur : F\u00e9lix CHENIER<\/span>&nbsp;&amp; <span style=\"color: #ff0000\">Session 8<\/span>&nbsp;: APA et maladies Cardio-respiratoires&nbsp;<span style=\"color: #808080\">&#8211; Mod\u00e9rateur : Mathieu GRUET<\/span><\/span><\/span><\/p>\n<p>12h30 &#8211; 14h &nbsp; &nbsp; &nbsp;Pause D\u00e9jeun\u00e9<\/p>\n<p>14h -14h30 &nbsp; &nbsp; &nbsp;&nbsp;<span style=\"color: #008000\">Conf\u00e9rence pl\u00e9ni\u00e8re 3<\/span>&nbsp;<span style=\"color: #000000\">: La plong\u00e9e pour d\u00e9ficients moteurs : \u00e9tat de l&rsquo;art, Dr Pierre TRAPPE&nbsp;<span style=\"color: #808080\">&#8211; Mod\u00e9rateur : Rapha\u00ebl ZORY<\/span><\/span><\/p>\n<p>14h30 &#8211; 15h15 <span style=\"color: #ff0000\">&nbsp;Session 9 <span style=\"color: #000000\">: APA et d\u00e9ficiences locomotrices <span style=\"color: #808080\">&#8211; Mod\u00e9rateur : Rapha\u00ebl ZORY<\/span>&nbsp;&amp;<\/span>&nbsp;<span style=\"color: #ff99cc\">Table ronde 2<\/span>&nbsp;<span style=\"color: #000000\">: Revue de question : \u00e9tat des lieux sur le statut de l&rsquo;E-APA et perspectives&nbsp;<span style=\"color: #808080\">&#8211; Mod\u00e9rateur : Gregory LENTIN<\/span><\/span><\/span><\/p>\n<p>15h15 &#8211; 15h45 &nbsp; &nbsp; &nbsp;Pause caf\u00e9 autour des<span style=\"color: #0000ff\"> posters session 3<\/span>&nbsp;&#8211; Mod\u00e9rateur : Eric WATELAIN &amp; des stands<\/p>\n<p><span style=\"color: #000000\">15h45 -16h<\/span><span style=\"color: #000080\">&nbsp; &nbsp; &nbsp; &nbsp; Remise du prix handisport par la&nbsp;<\/span><a href=\"http:\/\/www.handisport.org\/\">FFH<\/a><\/p>\n<p>16h &#8211; 17h45&nbsp; &nbsp; &nbsp; &nbsp; <span style=\"color: #000080\">D\u00e9monstration et animations d\u2019APA <span style=\"color: #000000\">&amp;<\/span> <span style=\"color: #ff99cc\">Table ronde 3<\/span>&nbsp;<span style=\"color: #000000\">: Les nouvelles technologies au service des APA et de la sant\u00e9&nbsp;<span style=\"color: #808080\">&#8211; Mod\u00e9rateurs : Olivier GAVARRY &amp; V\u00e9ronique DI COSTANZO&nbsp;<\/span><\/span><\/span><\/p>\n<p><span style=\"color: #000000\">16h<\/span> &nbsp; &nbsp; &nbsp; &nbsp; &nbsp; &nbsp; &nbsp; &nbsp; &nbsp; &nbsp;Conseil d&rsquo;administration de l&rsquo;AFAPA<\/p>\n<p>18h&nbsp; &nbsp; &nbsp; &nbsp; &nbsp; &nbsp; &nbsp; &nbsp; &nbsp; &nbsp; &nbsp;D\u00e9part du p\u00e9dibus&nbsp;<\/p>\n<p>18h30&nbsp; &nbsp; &nbsp; &nbsp; &nbsp; &nbsp; &nbsp; &nbsp; &nbsp;Visite comment\u00e9e de la rade de Toulon en bateau, ap\u00e9ritif sur le bateau*<\/p>\n<p>20h&nbsp; &nbsp; &nbsp; &nbsp; &nbsp; &nbsp; &nbsp; &nbsp; &nbsp; &nbsp; &nbsp; Repas de gala*<\/p>\n<p><em>* Attention seulement 100 places pour les 100 premiers inscrits)<\/em><\/p>\n<hr>\n<p style=\"text-align: center\"><strong>25 mai 2018, site de <u>La GARDE<\/u><\/strong><em>&nbsp;(Avenue de l&rsquo;Universit\u00e9 &#8211; 83130 La GARDE)<\/em><\/p>\n<p><span style=\"color: #000080\">8h &nbsp; &nbsp; &nbsp; &nbsp; &nbsp; &nbsp; &nbsp; &nbsp; &nbsp; &nbsp; &nbsp; &nbsp;&nbsp;<\/span><span style=\"color: #000080\">&nbsp; &nbsp;Accueil caf\u00e9<\/span><\/p>\n<p><img loading=\"lazy\" decoding=\"async\" class=\"alignnone wp-image-308\" src=\"http:\/\/sites.univ-tln.fr\/afapa2018\/wp-content\/uploads\/sites\/20\/2018\/05\/logo-LSF.jpg\" alt=\"\" width=\"55\" height=\"61\">&nbsp; &nbsp;8h30 &#8211; 9h &nbsp; &nbsp; &nbsp; &nbsp; &nbsp; &nbsp; &nbsp;&nbsp;<span style=\"color: #008000\">&nbsp;Conf\u00e9rence pl\u00e9ni\u00e8re 4<span style=\"color: #000000\">&nbsp;: Comment maintenir son niveau de performance physique avec l&rsquo;\u00e2ge ? L&rsquo;exemple de l&rsquo;athl\u00e8te master, Julien LOUIS (UK)&nbsp;<span style=\"color: #808080\">&#8211; Mod\u00e9rateurs : Fabienne d&rsquo;ARRIPE-LONGUEVILLE &amp; Jean-Marc VALLIER<\/span><\/span><\/span><\/p>\n<p>9h &#8211; 10h30&nbsp; &nbsp; &nbsp; &nbsp; &nbsp; &nbsp; &nbsp;&nbsp;<span style=\"color: #ff99cc\">Table ronde 4<span style=\"color: #000000\">&nbsp;: Actions de sant\u00e9 publique autour de l&rsquo;APA <span style=\"color: #808080\">&#8211; Mod\u00e9rateur : Aude-Marie FOUCAUT<\/span>&nbsp;<\/span><\/span><\/p>\n<p><span style=\"color: #ff99cc\"><span style=\"color: #000000\"><img loading=\"lazy\" decoding=\"async\" class=\"alignnone wp-image-308\" src=\"http:\/\/sites.univ-tln.fr\/afapa2018\/wp-content\/uploads\/sites\/20\/2018\/05\/logo-LSF.jpg\" alt=\"\" width=\"55\" height=\"61\">&nbsp;&nbsp;9h &#8211; 10h30&nbsp; &nbsp; &nbsp; &nbsp; &nbsp; &nbsp; &nbsp;&nbsp;&nbsp;&nbsp;<span style=\"color: #ff0000\"><span style=\"color: #000000\"><span style=\"color: #ff0000\">Session 10<\/span>&nbsp;: APA et vieillissement&nbsp;<span style=\"color: #008000\"><span style=\"color: #808080\">&#8211; Mod\u00e9rateurs : Fabienne d&rsquo;ARRIPE-LONGUEVILLE &amp; Jean-Marc VALLIER<\/span><\/span><\/span><\/span><\/span><\/span><\/p>\n<p>10h30 &#8211; 11h30 &nbsp; &nbsp; &nbsp; &nbsp;Pause caf\u00e9 autour des<span style=\"color: #0000ff\"> posters session 4<\/span>&nbsp;\u00ab\u00a0Master et exp\u00e9riences de terrain\u00a0\u00bb (session posters \u00e9tudiants) &amp; des stands<\/p>\n<p>11h30 &#8211; 12h30 &nbsp; &nbsp; &nbsp; Discours de cl\u00f4ture et remise des prix des meilleures communications (<a href=\"https:\/\/www.acaps.asso.fr\/\">ACAPS<\/a>, <a href=\"https:\/\/www.sfmes.org\/\">SFMES<\/a>)<\/p>\n<p>12h30 &nbsp; &nbsp; &nbsp; &nbsp; &nbsp; &nbsp; &nbsp; &nbsp; &nbsp; &nbsp;Buffet d\u00eenatoire et animations<\/p>\n<p>15h &nbsp; &nbsp; &nbsp; &nbsp; &nbsp; &nbsp; &nbsp; &nbsp; &nbsp; &nbsp; &nbsp; &nbsp;Fin des journ\u00e9es Francophones en Activit\u00e9s Physiques Adapt\u00e9es et animations touristique sur Toulon<\/p>\n<p style=\"text-align: center\"><a href=\"http:\/\/sites.univ-tln.fr\/afapa2018\/wp-content\/uploads\/sites\/20\/2018\/05\/Programme-d\u00e9finitif-22_05_2018.pdf\"><em>Version imprimable du programme<\/em><\/a><\/p>\n","protected":false},"excerpt":{"rendered":"<p>T\u00e9l\u00e9chargez le Programme definitif AFAPA 2018 23 mai 2018, site de TOULON&nbsp;(35 Rue Alphonse Daudet &#8211; 83000 TOULON) 10h &#8211; 13h &nbsp; &nbsp; &nbsp; &nbsp; &nbsp; &nbsp; &nbsp;Accueil des participants &amp; des partenaires 13h30 &nbsp; &nbsp; &nbsp; &nbsp; &nbsp; &nbsp; &nbsp; &nbsp; &nbsp; &nbsp;Ouverture du congr\u00e8s et discours d&rsquo;introduction 13h45 &#8211; 14h&nbsp; &nbsp; &nbsp; &nbsp; [&hellip;]<\/p>\n","protected":false},"author":1,"featured_media":0,"parent":0,"menu_order":0,"comment_status":"closed","ping_status":"closed","template":"","meta":{"ngg_post_thumbnail":0,"footnotes":""},"class_list":["post-30","page","type-page","status-publish","hentry"],"_links":{"self":[{"href":"https:\/\/sites.univ-tln.fr\/afapa2018\/wp-json\/wp\/v2\/pages\/30","targetHints":{"allow":["GET"]}}],"collection":[{"href":"https:\/\/sites.univ-tln.fr\/afapa2018\/wp-json\/wp\/v2\/pages"}],"about":[{"href":"https:\/\/sites.univ-tln.fr\/afapa2018\/wp-json\/wp\/v2\/types\/page"}],"author":[{"embeddable":true,"href":"https:\/\/sites.univ-tln.fr\/afapa2018\/wp-json\/wp\/v2\/users\/1"}],"replies":[{"embeddable":true,"href":"https:\/\/sites.univ-tln.fr\/afapa2018\/wp-json\/wp\/v2\/comments?post=30"}],"version-history":[{"count":35,"href":"https:\/\/sites.univ-tln.fr\/afapa2018\/wp-json\/wp\/v2\/pages\/30\/revisions"}],"predecessor-version":[{"id":324,"href":"https:\/\/sites.univ-tln.fr\/afapa2018\/wp-json\/wp\/v2\/pages\/30\/revisions\/324"}],"wp:attachment":[{"href":"https:\/\/sites.univ-tln.fr\/afapa2018\/wp-json\/wp\/v2\/media?parent=30"}],"curies":[{"name":"wp","href":"https:\/\/api.w.org\/{rel}","templated":true}]}}