{"id":28,"date":"2017-06-26T09:04:25","date_gmt":"2017-06-26T08:04:25","guid":{"rendered":"http:\/\/sites.univ-tln.fr\/afapa2018\/?page_id=28"},"modified":"2018-03-17T19:06:06","modified_gmt":"2018-03-17T18:06:06","slug":"comites","status":"publish","type":"page","link":"https:\/\/sites.univ-tln.fr\/afapa2018\/comites\/","title":{"rendered":"Comit\u00e9s"},"content":{"rendered":"<h2><strong><u>Co-organisateurs<\/u><\/strong><\/h2>\n<ul>\n<li><strong>Faupin<\/strong> Arnaud <em>(Universit\u00e9 de Toulon)<\/em>&nbsp;<\/li>\n<li><strong>Watelain<\/strong> Eric <em>(Universit\u00e9 de Valenciennes)<\/em><\/li>\n<li><strong>Lentin<\/strong> Gregory <em>(Universit\u00e9 de Toulon)<\/em><\/li>\n<\/ul>\n<h2><strong><u>Comit\u00e9 d\u2019organisation*<\/u><\/strong><\/h2>\n<ul>\n<li><strong>Peron<\/strong> Jean Paul <em>(Directeur de l\u2019UFR STAPS de Toulon)<\/em><\/li>\n<li><strong>Vallier<\/strong> Jean Marc <em>(Directeur-adjoint et r\u00e9f\u00e9rent pour l&rsquo;UTLN du LAMHESS, Universit\u00e9 de Toulon)<\/em><\/li>\n<li><strong>Gavarry<\/strong> Olivier <em>(Charg\u00e9 de mission \u00e9quipe \u00e9mergeante \u00ab&nbsp;Laboratoire translationnel mouvement et sant\u00e9 de Toulon&nbsp;\u00bb)<\/em><\/li>\n<li><strong>Gruet<\/strong> Mathieu <em>(Enseignant chercheur, Universit\u00e9 de Toulon)<\/em><\/li>\n<li><strong>Astier<\/strong> Marjolaine <em>(Doctorante, Universit\u00e9 de Toulon)<\/em><\/li>\n<li><strong>Combet<\/strong> Marion <em>(Doctorante, Universit\u00e9 de Toulon)<\/em><\/li>\n<\/ul>\n<h2><strong><u>Comit\u00e9 scientifique<\/u><\/strong><\/h2>\n<ul>\n<li><strong>Ahmaidi<\/strong> Sa\u00efd, Universit\u00e9 d\u2019Amiens <em>(Physiologie de l\u2019exercice, R\u00e9entrainement a l&rsquo;effort, Handicap cardiorespiratoire, Vieillissement)<\/em><\/li>\n<li><strong>Aranda-Berthouze<\/strong> Sophie, Universit\u00e9 de Lyon <em>(P<\/em><em>hysiologie, fatigue et Activit\u00e9 Physique, d\u00e9conditionnement, cancer, ob\u00e9sit\u00e9)<\/em><\/li>\n<li><strong>Bernard<\/strong> Pierrick, Universit\u00e9 de Montpellier <em>(Physiologie, aptitude physique, d\u00e9ficiences motrices, vieillissement)<\/em><\/li>\n<li><strong>Bernard<\/strong> Thierry, Universit\u00e9 de Toulon <em>(Physiologie, fatigue et <\/em><em>Activit\u00e9 Physique, vieillissement)<\/em><\/li>\n<li><strong>D\u2019Arripe-Longueville<\/strong> Fabienne, Universit\u00e9 de Nice<em> (Psychologie sociale, activit\u00e9 physique, sant\u00e9)<\/em><\/li>\n<li><strong>Duche<\/strong> Pascale, Universit\u00e9 Clermont Auvergne <em>(Physiologie de l&rsquo;exercice, enfant, maladies chroniques)<\/em><\/li>\n<li><strong>Dune<\/strong> Claire, Universit\u00e9 de Toulon <em>(Mod\u00e9lisation, Vision par ordinateur, commande r\u00e9f\u00e9renc\u00e9e vision, asservissement visuels, saisie et manipulation d&rsquo;objets, assistance robotis\u00e9e au geste)<\/em><\/li>\n<li><strong>Eberhard<\/strong> Yves, Universit\u00e9 de Grenoble <em>(Physiologie de l&rsquo;effort, handicaps g\u00e9n\u00e9tiques)<\/em><\/li>\n<li><strong>Fabre<\/strong> Claudine, Universit\u00e9 de Lille <em>(Physiologie de l&rsquo;exercice, Maladie respiratoire, vieillissement)<\/em><\/li>\n<li><strong>Faupin<\/strong> Arnaud, Universit\u00e9 de Toulon <em>(Biom\u00e9canique, Fauteuil Roulant Manuel, performance, pr\u00e9vention, bless\u00e9 m\u00e9dullaire)<\/em><\/li>\n<li><strong>Flore<\/strong> Patrice, Universit\u00e9 de Grenoble <em>(Maladies chroniques, adaptation\/maladaptation cardio-respiratoire \u00e0 l\u2019exercice, Ob\u00e9sit\u00e9, risque cardiovasculaire)<\/em><\/li>\n<li><strong>Foucaut<\/strong>&nbsp;Aude-Marie, Universit\u00e9 Paris 13 <em>(<\/em><em>Sant\u00e9 publique, ETP, recherche clinique, cancer)<\/em><\/li>\n<li><strong>Gavarry <\/strong>Olivier, Universit\u00e9 de Toulon <em>(Physiologie, r\u00e9habilitation, ob\u00e9sit\u00e9)<\/em><\/li>\n<li><strong>Gruet<\/strong> Mathieu, Universit\u00e9 de Toulon <em>(physiologie neuromusculaire, fatigue, maladies chroniques)<\/em><\/li>\n<li><strong>Guiraud<\/strong> Thibaut, Groupe ORPEA <em>(Physiologie de l&rsquo;exercice, \u00e9ducation \u00e0 la sant\u00e9, maladies cardiovasculaires)<\/em><\/li>\n<li><strong>Lecocq<\/strong> Gilles, ILEPS Cergy &amp; Universit\u00e9 Picardie Jules Verne, <em>(Psychologie du sport et Psychologie de la Sant\u00e9, Wellness &amp; Fitness)<\/em><\/li>\n<li><strong>Leconte<\/strong>&nbsp;Pascale, Universit\u00e9 de Caen <em>(Psychologie, Handicap mental, sant\u00e9 mentale, r\u00e9habilitation, APA)<\/em><\/li>\n<li><strong>Lentin<\/strong> Gregory, H\u00f4pital le relais SERENA &amp; Universit\u00e9 de Toulon <em>(Nutrition, rehabilitation, education th\u00e9rapeutique)<\/em><\/li>\n<li><strong>Mougin-Guillaume<\/strong> Fabienne, Universit\u00e9 de Besan\u00e7on <em>(physiologie de l\u2019exercice, ob\u00e9sit\u00e9 p\u00e9diatrique, cancer sein)<\/em><\/li>\n<li><strong>Ninot<\/strong> Gregory, Universit\u00e9 de Montpellier <em>(Recherche interventionnelle, APA et Cancer, intervention non m\u00e9dicamenteuse)<\/em><\/li>\n<li><strong>Rebot<\/strong> Nancy, Universit\u00e9 d\u2019Orl\u00e9ans <em>(Physiologie de l&rsquo;exercice, aptitude physique, maladies chroniques, ob\u00e9sit\u00e9)<\/em><\/li>\n<li><strong>Sagawa<\/strong> Yoshimasa Junior, Universit\u00e9 de Besan\u00e7on <em>(Biom\u00e9canique, d\u00e9ficience motrice, analyse du mouvement, syst\u00e8me d&rsquo;aide au diagnostic)<\/em><\/li>\n<li><strong>Tant<\/strong> Maxime, Universit\u00e9 Lille Nord de France<em> (Inclusion, intervention en EPS, perception, repr\u00e9sentation des enseignants, \u00e9ducation physique adapt\u00e9e)<\/em><\/li>\n<li><strong>Vallier<\/strong> Jean Marc, Universit\u00e9 de Toulon <em>(Dysfonctions neuro-musculaires, mucoviscidose, r\u00e9habilitation)<\/em><\/li>\n<li><strong>Varray<\/strong> Alain, Universit\u00e9 de Montpellier <em>(Physiologie de l\u2019exercice, neuro-physiologie, rehabilitation respiratoire, pathologies chroniques et APA)<\/em><\/li>\n<li><strong>Vercruyssen&nbsp;<\/strong>Fabrice, Universit\u00e9 de Toulon&nbsp;<em>(fatigue, \u00e9nerg\u00e9tique, muscle)<\/em><\/li>\n<li><strong>Vieille-Marchiset<\/strong> Gilles, Universit\u00e9 de Strasbourg <em>(Sociologie, sport-sant\u00e9, mobilit\u00e9 active, social, sant\u00e9 globale, in\u00e9galit\u00e9s sociales de sant\u00e9)<\/em><\/li>\n<li><strong>Vuillemin<\/strong> Anne,&nbsp;Universit\u00e9 Nice Sophia Antipolis <em>(<\/em><em>Sant\u00e9 publique, pr\u00e9vention, promotion de la sant\u00e9, promotion de l&rsquo;activit\u00e9 physique, qualit\u00e9 de vie)<\/em><\/li>\n<li><strong>Watelain<\/strong> Eric, Universit\u00e9 de Valenciennes <em>(Biom\u00e9canique, Locomotion bip\u00e9dale, Fauteuil Roulant Manuel)<\/em><\/li>\n<li><strong>Weissland<\/strong> Thierry, Universit\u00e9 d\u2019Amiens <em>(Physiologie, D\u00e9ficiences motrices, r\u00e9adaptation)<\/em><\/li>\n<li><strong>Winance<\/strong> Miriam, CERMES INSERM<em> (Sciences sociales, recherches qualitatives)<\/em><\/li>\n<li><strong>Zory<\/strong> Raphael, Universit\u00e9 de Nice <em>(Pathologies neurologiques, vieillissement, plasticit\u00e9 neuromusculaire, marche, renforcement musculaire)<\/em><\/li>\n<\/ul>\n<p>* le comit\u00e9 d\u2019organisation n\u2019exclut pas de faire appel \u00e0 d\u2019autres experts si les travaux soumis le n\u00e9cessitent.<\/p>\n","protected":false},"excerpt":{"rendered":"<p>Co-organisateurs Faupin Arnaud (Universit\u00e9 de Toulon)&nbsp; Watelain Eric (Universit\u00e9 de Valenciennes) Lentin Gregory (Universit\u00e9 de Toulon) Comit\u00e9 d\u2019organisation* Peron Jean Paul (Directeur de l\u2019UFR STAPS de Toulon) Vallier Jean Marc (Directeur-adjoint et r\u00e9f\u00e9rent pour l&rsquo;UTLN du LAMHESS, Universit\u00e9 de Toulon) Gavarry Olivier (Charg\u00e9 de mission \u00e9quipe \u00e9mergeante \u00ab&nbsp;Laboratoire translationnel mouvement et sant\u00e9 de Toulon&nbsp;\u00bb) Gruet [&hellip;]<\/p>\n","protected":false},"author":1,"featured_media":0,"parent":0,"menu_order":0,"comment_status":"closed","ping_status":"closed","template":"","meta":{"ngg_post_thumbnail":0,"footnotes":""},"class_list":["post-28","page","type-page","status-publish","hentry"],"_links":{"self":[{"href":"https:\/\/sites.univ-tln.fr\/afapa2018\/wp-json\/wp\/v2\/pages\/28","targetHints":{"allow":["GET"]}}],"collection":[{"href":"https:\/\/sites.univ-tln.fr\/afapa2018\/wp-json\/wp\/v2\/pages"}],"about":[{"href":"https:\/\/sites.univ-tln.fr\/afapa2018\/wp-json\/wp\/v2\/types\/page"}],"author":[{"embeddable":true,"href":"https:\/\/sites.univ-tln.fr\/afapa2018\/wp-json\/wp\/v2\/users\/1"}],"replies":[{"embeddable":true,"href":"https:\/\/sites.univ-tln.fr\/afapa2018\/wp-json\/wp\/v2\/comments?post=28"}],"version-history":[{"count":13,"href":"https:\/\/sites.univ-tln.fr\/afapa2018\/wp-json\/wp\/v2\/pages\/28\/revisions"}],"predecessor-version":[{"id":213,"href":"https:\/\/sites.univ-tln.fr\/afapa2018\/wp-json\/wp\/v2\/pages\/28\/revisions\/213"}],"wp:attachment":[{"href":"https:\/\/sites.univ-tln.fr\/afapa2018\/wp-json\/wp\/v2\/media?parent=28"}],"curies":[{"name":"wp","href":"https:\/\/api.w.org\/{rel}","templated":true}]}}